{"id":2715,"date":"2023-04-04T21:43:23","date_gmt":"2023-04-04T21:43:23","guid":{"rendered":"https:\/\/www.sob-saalfelden2.komd.hbla-saalfelden.at\/?page_id=2715"},"modified":"2025-05-17T16:24:06","modified_gmt":"2025-05-17T16:24:06","slug":"praktische-ausbildung","status":"publish","type":"page","link":"https:\/\/www.sob-saalfelden.at\/?page_id=2715","title":{"rendered":"Praktische Ausbildung"},"content":{"rendered":"\n<div class=\"blockart-section blockart-section-1edbad80\"><div class=\"blockart-container\"><div class=\"blockart-section-inner\">\n<div class=\"blockart-column blockart-column-b7c4c4af\"><div class=\"blockart-column-inner\"><\/div><\/div>\n\n\n\n<div class=\"blockart-column blockart-column-bf74134e\"><div class=\"blockart-column-inner\">\n<h3 class=\"blockart-heading blockart-heading-02056d49\"><br>Stundenaufteilung<\/h3>\n<\/div><\/div>\n\n\n\n<div class=\"blockart-column blockart-column-44dcae4f\"><div class=\"blockart-column-inner\"><\/div><\/div>\n<\/div><\/div><\/div>\n\n\n\n<div class=\"blockart-section blockart-section-449b1b55\"><div class=\"blockart-container\"><div class=\"blockart-section-inner\">\n<div class=\"blockart-column blockart-column-0a87fbc9\"><div class=\"blockart-column-inner\">\n<h3 class=\"blockart-heading blockart-heading-2982d605\"><strong>Pflegeassistenz<\/strong><\/h3>\n<\/div><\/div>\n<\/div><\/div><\/div>\n\n\n\n<div class=\"blockart-section blockart-section-cc988e9e\"><div class=\"blockart-container\"><div class=\"blockart-section-inner\">\n<div class=\"blockart-column blockart-column-c3bda9dc\"><div class=\"blockart-column-inner\">\n<h5 class=\"blockart-heading blockart-heading-24b950a7\"><strong>Langzeitpflegebereich<\/strong><br>Seniorenwohnhaus oder Pflegeheim<\/h5>\n<\/div><\/div>\n\n\n\n<div class=\"blockart-column blockart-column-ef3baca2\"><div class=\"blockart-column-inner\">\n<p class=\"blockart-paragraph blockart-paragraph-e06a1ba3\">160 Stunden<\/p>\n<\/div><\/div>\n<\/div><\/div><\/div>\n\n\n\n<hr class=\"wp-block-separator has-alpha-channel-opacity is-style-wide\"\/>\n\n\n\n<div class=\"blockart-section blockart-section-1a0e737d\"><div class=\"blockart-container\"><div class=\"blockart-section-inner\">\n<div class=\"blockart-column blockart-column-68157b15\"><div class=\"blockart-column-inner\">\n<h5 class=\"blockart-heading blockart-heading-fb8e76c0\"><strong>Mobile Pflege oder Tagesbetreuung<\/strong><br>Mobile Einrichtungen &#8211; Hilfswerk, Rotes Kreuz, Caritas, Volkshilfe, Sozialsprengel<\/h5>\n<\/div><\/div>\n\n\n\n<div class=\"blockart-column blockart-column-2b484f06\"><div class=\"blockart-column-inner\">\n<p class=\"blockart-paragraph blockart-paragraph-50dc32d0\">185 Stunden<\/p>\n<\/div><\/div>\n<\/div><\/div><\/div>\n\n\n\n<hr class=\"wp-block-separator has-alpha-channel-opacity is-style-wide\"\/>\n\n\n\n<div class=\"blockart-section blockart-section-e5d27c4c\"><div class=\"blockart-container\"><div class=\"blockart-section-inner\">\n<div class=\"blockart-column blockart-column-d2a7e9d0\"><div class=\"blockart-column-inner\">\n<h5 class=\"blockart-heading blockart-heading-9f2f7de7\"><strong>Akutpflege<\/strong><br>Praktikum in Krankenanstalten (operativ\/konservativ)<br><\/h5>\n<\/div><\/div>\n\n\n\n<div class=\"blockart-column blockart-column-48a15af9\"><div class=\"blockart-column-inner\">\n<p>160 Stunden<\/p>\n<\/div><\/div>\n<\/div><\/div><\/div>\n\n\n\n<hr class=\"wp-block-separator has-alpha-channel-opacity is-style-wide\"\/>\n\n\n\n<div class=\"blockart-section blockart-section-baaac722\"><div class=\"blockart-container\"><div class=\"blockart-section-inner\">\n<div class=\"blockart-column blockart-column-95fceba6\"><div class=\"blockart-column-inner\">\n<h5 class=\"blockart-heading blockart-heading-d6da9d7c\"><strong>Wahlpraktikum Pflegebereich<br><\/strong>Seniorenheim, Behindertenwohnheim, Mobile Pflege, \u2026<br><\/h5>\n<\/div><\/div>\n\n\n\n<div class=\"blockart-column blockart-column-a8c7d600\"><div class=\"blockart-column-inner\">\n<p>215 Stunden<\/p>\n<\/div><\/div>\n<\/div><\/div><\/div>\n\n\n\n<hr class=\"wp-block-separator has-alpha-channel-opacity is-style-wide\"\/>\n\n\n\n<div class=\"blockart-section blockart-section-108a94b3\"><div class=\"blockart-container\"><div class=\"blockart-section-inner\">\n<div class=\"blockart-column blockart-column-96a770f6\"><div class=\"blockart-column-inner\">\n<h5 class=\"blockart-heading blockart-heading-4e562dd4\">Theorie\/Praxis\/Transfer<br><\/h5>\n<\/div><\/div>\n\n\n\n<div class=\"blockart-column blockart-column-938fcd2b\"><div class=\"blockart-column-inner\">\n<p>80 Stunden<\/p>\n<\/div><\/div>\n<\/div><\/div><\/div>\n\n\n\n<hr class=\"wp-block-separator has-alpha-channel-opacity is-style-wide\"\/>\n\n\n\n<div class=\"blockart-section blockart-section-92171a96\"><div class=\"blockart-container\"><div class=\"blockart-section-inner\">\n<div class=\"blockart-column blockart-column-1ed4da21\"><div class=\"blockart-column-inner\">\n<h5 class=\"blockart-heading blockart-heading-15bfd1ec\"><strong>GESAMT<\/strong><br><\/h5>\n<\/div><\/div>\n\n\n\n<div class=\"blockart-column blockart-column-b4248827\"><div class=\"blockart-column-inner\">\n<p><strong>800 Stunden<\/strong><\/p>\n<\/div><\/div>\n<\/div><\/div><\/div>\n\n\n\n<hr class=\"wp-block-separator has-alpha-channel-opacity is-style-wide\"\/>\n\n\n\n<div class=\"blockart-section blockart-section-c9557375\"><div class=\"blockart-container\"><div class=\"blockart-section-inner\">\n<div class=\"blockart-column blockart-column-cbc10568\"><div class=\"blockart-column-inner\"><\/div><\/div>\n\n\n\n<div class=\"blockart-column blockart-column-45bb551a\"><div class=\"blockart-column-inner\">\n<h3 class=\"blockart-heading blockart-heading-0e67ae69\"><br>Stundenaufteilung<\/h3>\n<\/div><\/div>\n\n\n\n<div class=\"blockart-column blockart-column-07c535ff\"><div class=\"blockart-column-inner\"><\/div><\/div>\n<\/div><\/div><\/div>\n\n\n\n<div class=\"blockart-section blockart-section-0e367587\"><div class=\"blockart-container\"><div class=\"blockart-section-inner\">\n<div class=\"blockart-column blockart-column-8eef8a27\"><div class=\"blockart-column-inner\">\n<h4 class=\"blockart-heading blockart-heading-a2541943\"><strong>FachsozialbetreuerIn<\/strong><\/h4>\n<\/div><\/div>\n<\/div><\/div><\/div>\n\n\n\n<div class=\"blockart-section blockart-section-1dc740a9\"><div class=\"blockart-container\"><div class=\"blockart-section-inner\">\n<div class=\"blockart-column blockart-column-48976991\"><div class=\"blockart-column-inner\">\n<h5 class=\"blockart-heading blockart-heading-e5769804\"><strong>1 Praktikum f\u00fcr Altenarbeit<\/strong><br>in Einrichtung f\u00fcr SeniorInnen\/Tageszentrum \u00a0inkl.<br><strong>1 Projektpraktikum f\u00fcr Altenarbeit<\/strong><br>Tageszentrum &#8211; Projekt planen, durchf\u00fchren und verschriftlichen<\/h5>\n<\/div><\/div>\n\n\n\n<div class=\"blockart-column blockart-column-f34f4a1d\"><div class=\"blockart-column-inner\">\n<p class=\"blockart-paragraph blockart-paragraph-41f877d1\">280 Stunden<\/p>\n<\/div><\/div>\n<\/div><\/div><\/div>\n\n\n\n<hr class=\"wp-block-separator has-alpha-channel-opacity is-style-wide\"\/>\n\n\n\n<div class=\"blockart-section blockart-section-3fa787c6\"><div class=\"blockart-container\"><div class=\"blockart-section-inner\">\n<div class=\"blockart-column blockart-column-91b335dc\"><div class=\"blockart-column-inner\">\n<h5 class=\"blockart-heading blockart-heading-01032a24\"><strong>1 Praktikum in einer Betreuungseinrichtung f\u00fcr Menschen mit Beeintr\u00e4chtigungen (Werkst\u00e4tte) oder in der Familienhilfe<\/strong><\/h5>\n<\/div><\/div>\n\n\n\n<div class=\"blockart-column blockart-column-a1193b74\"><div class=\"blockart-column-inner\">\n<p class=\"blockart-paragraph blockart-paragraph-a4efd364\">120 Stunden<\/p>\n<\/div><\/div>\n<\/div><\/div><\/div>\n\n\n\n<hr class=\"wp-block-separator has-alpha-channel-opacity is-style-wide\"\/>\n\n\n\n<div class=\"blockart-section blockart-section-ccf67fab\"><div class=\"blockart-container\"><div class=\"blockart-section-inner\">\n<div class=\"blockart-column blockart-column-b315d7aa\"><div class=\"blockart-column-inner\">\n<h5 class=\"blockart-heading blockart-heading-d54ca8f1\"><strong>GESAMT<\/strong><\/h5>\n<\/div><\/div>\n\n\n\n<div class=\"blockart-column blockart-column-4af69f90\"><div class=\"blockart-column-inner\">\n<p><strong>400 Stunden<\/strong><\/p>\n<\/div><\/div>\n<\/div><\/div><\/div>\n\n\n\n<hr class=\"wp-block-separator has-alpha-channel-opacity is-style-wide\"\/>\n\n\n\n<div class=\"blockart-section blockart-section-66050cd8\"><div class=\"blockart-container\"><div class=\"blockart-section-inner\">\n<div class=\"blockart-column blockart-column-6ea96aa4\"><div class=\"blockart-column-inner\">\n<h5 class=\"blockart-heading blockart-heading-25a43e00\"><em>ZUSATZQUALIFIKATION &#8211; DEMENZBEGLEITUNG<\/em><br><strong>1 Praktikum in einer Einrichtung f\u00fcr demenzkranke Menschen<\/strong><\/h5>\n<\/div><\/div>\n\n\n\n<div class=\"blockart-column blockart-column-780c6f3e\"><div class=\"blockart-column-inner\">\n<p class=\"blockart-paragraph blockart-paragraph-a0fa181e\">120 Stunden<\/p>\n<\/div><\/div>\n<\/div><\/div><\/div>\n","protected":false},"excerpt":{"rendered":"","protected":false},"author":1,"featured_media":0,"parent":0,"menu_order":0,"comment_status":"closed","ping_status":"closed","template":"","meta":[],"yoast_head":"<!-- This site is optimized with the Yoast SEO plugin v20.11 - https:\/\/yoast.com\/wordpress\/plugins\/seo\/ -->\n<title>Praktische Ausbildung - SOB Saalfelden<\/title>\n<meta name=\"robots\" content=\"index, follow, max-snippet:-1, max-image-preview:large, max-video-preview:-1\" \/>\n<link rel=\"canonical\" href=\"https:\/\/www.sob-saalfelden.at\/?page_id=2715\" \/>\n<meta property=\"og:locale\" content=\"de_DE\" \/>\n<meta property=\"og:type\" content=\"article\" \/>\n<meta property=\"og:title\" content=\"Praktische Ausbildung - SOB Saalfelden\" \/>\n<meta property=\"og:url\" content=\"https:\/\/www.sob-saalfelden.at\/?page_id=2715\" \/>\n<meta property=\"og:site_name\" content=\"SOB Saalfelden\" \/>\n<meta property=\"article:publisher\" content=\"https:\/\/www.facebook.com\/profile.php?id=100054260961375&amp;locale=de_DE\" \/>\n<meta property=\"article:modified_time\" content=\"2025-05-17T16:24:06+00:00\" \/>\n<meta property=\"og:image\" content=\"https:\/\/www.sob-saalfelden.at\/wp-content\/uploads\/2023\/04\/banner1.jpg\" \/>\n\t<meta property=\"og:image:width\" content=\"2420\" \/>\n\t<meta property=\"og:image:height\" content=\"1000\" \/>\n\t<meta property=\"og:image:type\" content=\"image\/jpeg\" \/>\n<meta name=\"twitter:card\" content=\"summary_large_image\" \/>\n<script type=\"application\/ld+json\" class=\"yoast-schema-graph\">{\"@context\":\"https:\/\/schema.org\",\"@graph\":[{\"@type\":\"WebPage\",\"@id\":\"https:\/\/www.sob-saalfelden.at\/?page_id=2715\",\"url\":\"https:\/\/www.sob-saalfelden.at\/?page_id=2715\",\"name\":\"Praktische Ausbildung - SOB Saalfelden\",\"isPartOf\":{\"@id\":\"https:\/\/www.sob-saalfelden.at\/#website\"},\"datePublished\":\"2023-04-04T21:43:23+00:00\",\"dateModified\":\"2025-05-17T16:24:06+00:00\",\"breadcrumb\":{\"@id\":\"https:\/\/www.sob-saalfelden.at\/?page_id=2715#breadcrumb\"},\"inLanguage\":\"de-AT\",\"potentialAction\":[{\"@type\":\"ReadAction\",\"target\":[\"https:\/\/www.sob-saalfelden.at\/?page_id=2715\"]}]},{\"@type\":\"BreadcrumbList\",\"@id\":\"https:\/\/www.sob-saalfelden.at\/?page_id=2715#breadcrumb\",\"itemListElement\":[{\"@type\":\"ListItem\",\"position\":1,\"name\":\"Home\",\"item\":\"https:\/\/www.sob-saalfelden.at\/\"},{\"@type\":\"ListItem\",\"position\":2,\"name\":\"Praktische Ausbildung\"}]},{\"@type\":\"WebSite\",\"@id\":\"https:\/\/www.sob-saalfelden.at\/#website\",\"url\":\"https:\/\/www.sob-saalfelden.at\/\",\"name\":\"SOB Saalfelden\",\"description\":\"Schule f\u00fcr Sozialbetreuungsberufe\/Altenarbeit\",\"publisher\":{\"@id\":\"https:\/\/www.sob-saalfelden.at\/#organization\"},\"alternateName\":\"Schule f\u00fcr Sozialbetreuungsberufe\/Altenarbeit\",\"potentialAction\":[{\"@type\":\"SearchAction\",\"target\":{\"@type\":\"EntryPoint\",\"urlTemplate\":\"https:\/\/www.sob-saalfelden.at\/?s={search_term_string}\"},\"query-input\":\"required name=search_term_string\"}],\"inLanguage\":\"de-AT\"},{\"@type\":\"Organization\",\"@id\":\"https:\/\/www.sob-saalfelden.at\/#organization\",\"name\":\"SOB Saalfelden\",\"alternateName\":\"Schule f\u00fcr Sozialbetreuungsberufe\/Altenarbeit\",\"url\":\"https:\/\/www.sob-saalfelden.at\/\",\"logo\":{\"@type\":\"ImageObject\",\"inLanguage\":\"de-AT\",\"@id\":\"https:\/\/www.sob-saalfelden.at\/#\/schema\/logo\/image\/\",\"url\":\"https:\/\/www.sob-saalfelden.at\/wp-content\/uploads\/2023\/03\/sob-icon.png\",\"contentUrl\":\"https:\/\/www.sob-saalfelden.at\/wp-content\/uploads\/2023\/03\/sob-icon.png\",\"width\":99,\"height\":101,\"caption\":\"SOB Saalfelden\"},\"image\":{\"@id\":\"https:\/\/www.sob-saalfelden.at\/#\/schema\/logo\/image\/\"},\"sameAs\":[\"https:\/\/www.facebook.com\/profile.php?id=100054260961375&locale=de_DE\",\"https:\/\/www.instagram.com\/sob.saalfelden\/\"]}]}<\/script>\n<!-- \/ Yoast SEO plugin. -->","yoast_head_json":{"title":"Praktische Ausbildung - SOB Saalfelden","robots":{"index":"index","follow":"follow","max-snippet":"max-snippet:-1","max-image-preview":"max-image-preview:large","max-video-preview":"max-video-preview:-1"},"canonical":"https:\/\/www.sob-saalfelden.at\/?page_id=2715","og_locale":"de_DE","og_type":"article","og_title":"Praktische Ausbildung - SOB Saalfelden","og_url":"https:\/\/www.sob-saalfelden.at\/?page_id=2715","og_site_name":"SOB Saalfelden","article_publisher":"https:\/\/www.facebook.com\/profile.php?id=100054260961375&locale=de_DE","article_modified_time":"2025-05-17T16:24:06+00:00","og_image":[{"width":2420,"height":1000,"url":"https:\/\/www.sob-saalfelden.at\/wp-content\/uploads\/2023\/04\/banner1.jpg","type":"image\/jpeg"}],"twitter_card":"summary_large_image","schema":{"@context":"https:\/\/schema.org","@graph":[{"@type":"WebPage","@id":"https:\/\/www.sob-saalfelden.at\/?page_id=2715","url":"https:\/\/www.sob-saalfelden.at\/?page_id=2715","name":"Praktische Ausbildung - SOB Saalfelden","isPartOf":{"@id":"https:\/\/www.sob-saalfelden.at\/#website"},"datePublished":"2023-04-04T21:43:23+00:00","dateModified":"2025-05-17T16:24:06+00:00","breadcrumb":{"@id":"https:\/\/www.sob-saalfelden.at\/?page_id=2715#breadcrumb"},"inLanguage":"de-AT","potentialAction":[{"@type":"ReadAction","target":["https:\/\/www.sob-saalfelden.at\/?page_id=2715"]}]},{"@type":"BreadcrumbList","@id":"https:\/\/www.sob-saalfelden.at\/?page_id=2715#breadcrumb","itemListElement":[{"@type":"ListItem","position":1,"name":"Home","item":"https:\/\/www.sob-saalfelden.at\/"},{"@type":"ListItem","position":2,"name":"Praktische Ausbildung"}]},{"@type":"WebSite","@id":"https:\/\/www.sob-saalfelden.at\/#website","url":"https:\/\/www.sob-saalfelden.at\/","name":"SOB Saalfelden","description":"Schule f\u00fcr Sozialbetreuungsberufe\/Altenarbeit","publisher":{"@id":"https:\/\/www.sob-saalfelden.at\/#organization"},"alternateName":"Schule f\u00fcr Sozialbetreuungsberufe\/Altenarbeit","potentialAction":[{"@type":"SearchAction","target":{"@type":"EntryPoint","urlTemplate":"https:\/\/www.sob-saalfelden.at\/?s={search_term_string}"},"query-input":"required name=search_term_string"}],"inLanguage":"de-AT"},{"@type":"Organization","@id":"https:\/\/www.sob-saalfelden.at\/#organization","name":"SOB Saalfelden","alternateName":"Schule f\u00fcr Sozialbetreuungsberufe\/Altenarbeit","url":"https:\/\/www.sob-saalfelden.at\/","logo":{"@type":"ImageObject","inLanguage":"de-AT","@id":"https:\/\/www.sob-saalfelden.at\/#\/schema\/logo\/image\/","url":"https:\/\/www.sob-saalfelden.at\/wp-content\/uploads\/2023\/03\/sob-icon.png","contentUrl":"https:\/\/www.sob-saalfelden.at\/wp-content\/uploads\/2023\/03\/sob-icon.png","width":99,"height":101,"caption":"SOB Saalfelden"},"image":{"@id":"https:\/\/www.sob-saalfelden.at\/#\/schema\/logo\/image\/"},"sameAs":["https:\/\/www.facebook.com\/profile.php?id=100054260961375&locale=de_DE","https:\/\/www.instagram.com\/sob.saalfelden\/"]}]}},"_links":{"self":[{"href":"https:\/\/www.sob-saalfelden.at\/index.php?rest_route=\/wp\/v2\/pages\/2715"}],"collection":[{"href":"https:\/\/www.sob-saalfelden.at\/index.php?rest_route=\/wp\/v2\/pages"}],"about":[{"href":"https:\/\/www.sob-saalfelden.at\/index.php?rest_route=\/wp\/v2\/types\/page"}],"author":[{"embeddable":true,"href":"https:\/\/www.sob-saalfelden.at\/index.php?rest_route=\/wp\/v2\/users\/1"}],"replies":[{"embeddable":true,"href":"https:\/\/www.sob-saalfelden.at\/index.php?rest_route=%2Fwp%2Fv2%2Fcomments&post=2715"}],"version-history":[{"count":27,"href":"https:\/\/www.sob-saalfelden.at\/index.php?rest_route=\/wp\/v2\/pages\/2715\/revisions"}],"predecessor-version":[{"id":7124,"href":"https:\/\/www.sob-saalfelden.at\/index.php?rest_route=\/wp\/v2\/pages\/2715\/revisions\/7124"}],"wp:attachment":[{"href":"https:\/\/www.sob-saalfelden.at\/index.php?rest_route=%2Fwp%2Fv2%2Fmedia&parent=2715"}],"curies":[{"name":"wp","href":"https:\/\/api.w.org\/{rel}","templated":true}]}}