{"id":6947,"date":"2025-05-14T10:57:22","date_gmt":"2025-05-14T10:57:22","guid":{"rendered":"https:\/\/www.sob-saalfelden.at\/?page_id=6947"},"modified":"2025-05-23T10:15:32","modified_gmt":"2025-05-23T10:15:32","slug":"behindertenbegleitung","status":"publish","type":"page","link":"https:\/\/www.sob-saalfelden.at\/?page_id=6947","title":{"rendered":"Behindertenbegleitung"},"content":{"rendered":"\n<div class=\"wp-block-columns is-layout-flex wp-container-3\">\n<div class=\"wp-block-column is-layout-flow\" style=\"flex-basis:33.33%\">\n<h5 class=\"blockart-heading blockart-heading-7f434b91\"><br><br><br>Behindertenbegleitung (BB)<br>Fachsozialbetreuung<br><br><br>Berufsbild<br><a rel=\"noreferrer noopener\" href=\"https:\/\/www.salzburg.gv.at\/00201lpi\/13Gesetzgebungsperiode\/6Session\/144.pdf\" target=\"_blank\">\u00a7 10 Sozialbetreuungsberufegesetz Salzburg<\/a><br><br><br>Teilzeitform mit 4 Semester<br><br>2 Tage oder 3 Abende in Saalfelden<br><br><br><br><br><br><br><br><br><br><br><br><br><br><br><br><br><br><\/h5>\n\n\n\n<p class=\"has-text-align-center has-vivid-red-color has-text-color has-medium-font-size\"><strong>F\u00f6rderm\u00f6glichkeiten:<\/strong><\/p>\n\n\n\n<p><a href=\"https:\/\/www.oesterreich.gv.at\/themen\/arbeit_beruf_und_pension\/stipendien\/pflegestipendium.html\">Pflegestipendium<\/a><\/p>\n\n\n\n<p class=\"has-text-align-left\"><a rel=\"noreferrer noopener\" href=\"https:\/\/pgs-salzburg.at\/\" target=\"_blank\">Pflegestiftung<\/a><\/p>\n\n\n\n<p class=\"has-text-align-left\"><a rel=\"noreferrer noopener\" href=\"https:\/\/www.biber-salzburg.at\/information\/finanzierung-und-foerderungen\/pflegestipendium-pflegeausbildungszuschuss\" target=\"_blank\">Pflegeausbildungszuschuss<\/a><\/p>\n<\/div>\n\n\n\n<div class=\"wp-block-column is-layout-flow\" style=\"flex-basis:66.66%\">\n<p><strong>Der T\u00e4tigkeitsbereich der Fach-Sozialbetreuerin oder des Fach-Sozialbetreuers Behindertenarbeit (BA) und Behindertenbegleitung (BB) umfasst:<\/strong><\/p>\n\n\n\n<ol>\n<li>in einem eigenverantwortlichen Bereich: Ma\u00dfnahmen der Anleitung, Anregung, Beratung,<br>F\u00f6rderung und erforderlichenfalls der Intervention f\u00fcr Menschen mit Behinderung, wobei die<br>Aufgaben bei der Fach-Sozialbetreuerin oder dem Fach-Sozialbetreuer BB verst\u00e4rkt und<br>vertieft insbesondere in der Beratung und Begleitung liegen;<\/li>\n\n\n\n<li>im \u00dcbrigen:<br>a) bei der Fach-Sozialbetreuerin oder dem Fach-Sozialbetreuer BA: die pflegerischen Be<br>fugnisse als Pflegehelferin oder als Pflegehelfer nach dem GuKG;<br>b) bei der Fach-Sozialbetreuerin oder dem Fach-Sozialbetreuer BB: die Unterst\u00fctzung bei der Basisversorgung gem\u00e4\u00df der Anlage; diese Aufgaben d\u00fcrfen nur unter Anleitung und Aufsicht von Angeh\u00f6rigen der Gesundheitsberufe durchgef\u00fchrt werden.<br><br><strong>Zum eigenverantwortlichen Bereich geh\u00f6ren insbesondere folgende Aufgaben:<\/strong><br><br>1. die Unterst\u00fctzung bei Kontakten zu anderen Personen, die F\u00f6rderung der Teilnahme am<br>sozialen Leben sowie die Begleitung in Fragen der Partnerschaft und Sexualit\u00e4t,<br>2. die Interessensabkl\u00e4rung, die F\u00f6rderung und das Training im Bereich Besch\u00e4ftigung und<br>Arbeit,<br>3. die Freizeitgestaltung, Entspannung und Erholung, Hobbys, Feste und Feiern, der Einsatz<br>musisch-kreativer Mittel und die Bewegung zur Bildung und Pers\u00f6nlichkeitsentfaltung, die<br>F\u00f6rderung von Wahrnehmung, Kreativit\u00e4t, Sinnesschulung und \u00e4sthetischer Bildung,<br>4. die Begleitung bei Krankheit, Trauer und Tod von Bekannten und Angeh\u00f6rigen mit dem Ziel<br>der Sinnstiftung sowie die Sterbebegleitung.<br><\/li>\n<\/ol>\n\n\n\n<p><strong>Umfang der Ausbildung:<\/strong><br># 1188 Stunden Theorie inkl. Unterst\u00fctzung der Basisversorgung in der Teilzeitform<br># 1320 Stunden Praxis inkl. Demenzbegleitung<\/p>\n\n\n\n<p>Die Ausbildung qualifiziert Frauen und M\u00e4nner mit Behinderungen f\u00fcr unterst\u00fctzende Dienste im Feld der Sozialbetreuung.<br><br>Die 2-j\u00e4hrige Ausbildung beinhaltet in etwa die H\u00e4lfte der Unterrichtsstunden im Schwerpunkt Behindertenbegleitung (BB) und schlie\u00dft mit dem Niveau der Fach-Sozialhilfe ab.<br>F\u00fcr diesen Ausbildungsabschluss wird folgende Abk\u00fcrzung verwendet: FSH-BB.<\/p>\n\n\n\n<p><strong>Aufnahmevoraussetzungen:<\/strong><br># Mindestalter von 19 Jahren<br># positiv abgeschlossene mittlere oder h\u00f6here Schule, # Lehrabschluss oder positiv absolvierter Vorbereitungslehrgang f\u00fcr SOB (Schule f\u00fcr Sozialbetreuungsberufe)<br># Deutschkenntnisse auf Niveau B1<\/p>\n\n\n\n<p><\/p>\n\n\n\n<p><a rel=\"noreferrer noopener\" href=\"http:\/\/bmbwf.gv.at\/dam\/jcr:a5e63c0a-563d-4dbe-b813-6fd05a76534e\/Sozialbetreuungsberufe_final.pdf\" target=\"_blank\">Schule f\u00fcr Sozialbetreuungsberufe: Organisationsstatut<\/a><br><br><br><br><br><\/p>\n<\/div>\n<\/div>\n\n\n\n\n\n\n\n<div class=\"blockart-section blockart-section-2734ad96\"><div class=\"blockart-container\"><div class=\"blockart-section-inner\">\n<div class=\"blockart-column blockart-column-7c38236c\"><div class=\"blockart-column-inner\">\n<div class=\"blockart-image blockart-image-bfd9f6ae\"><img decoding=\"async\" loading=\"lazy\" class=\"wp-image-2175\" src=\"https:\/\/www.sob-saalfelden.at\/wp-content\/uploads\/2023\/04\/loren-joseph.jpg\" alt=\"\" height=\"683\" width=\"765\" srcset=\"https:\/\/www.sob-saalfelden.at\/wp-content\/uploads\/2023\/04\/loren-joseph.jpg 765w, https:\/\/www.sob-saalfelden.at\/wp-content\/uploads\/2023\/04\/loren-joseph-300x268.jpg 300w\" sizes=\"(max-width: 765px) 100vw, 765px\" \/><\/div>\n<\/div><\/div>\n\n\n\n<div class=\"blockart-column blockart-column-41ef928b\"><div class=\"blockart-column-inner\">\n<div class=\"blockart-image blockart-image-556b3a38\"><img decoding=\"async\" loading=\"lazy\" width=\"1280\" height=\"1280\" class=\"wp-image-7102\" src=\"https:\/\/www.sob-saalfelden.at\/wp-content\/uploads\/2025\/05\/ai-generated-8600619_1280.jpg\" alt=\"https:\/\/pixabay.com\/de\/illustrations\/ai-generiert-frauen-freunde-chatten-8600619\/\n\" srcset=\"https:\/\/www.sob-saalfelden.at\/wp-content\/uploads\/2025\/05\/ai-generated-8600619_1280.jpg 1280w, https:\/\/www.sob-saalfelden.at\/wp-content\/uploads\/2025\/05\/ai-generated-8600619_1280-300x300.jpg 300w, https:\/\/www.sob-saalfelden.at\/wp-content\/uploads\/2025\/05\/ai-generated-8600619_1280-1024x1024.jpg 1024w, https:\/\/www.sob-saalfelden.at\/wp-content\/uploads\/2025\/05\/ai-generated-8600619_1280-150x150.jpg 150w, https:\/\/www.sob-saalfelden.at\/wp-content\/uploads\/2025\/05\/ai-generated-8600619_1280-768x768.jpg 768w\" sizes=\"(max-width: 1280px) 100vw, 1280px\" \/><\/div>\n<\/div><\/div>\n\n\n\n<div class=\"blockart-column blockart-column-4b84c17b\"><div class=\"blockart-column-inner\">\n<div class=\"blockart-image blockart-image-a362ed94\"><img decoding=\"async\" loading=\"lazy\" width=\"1280\" height=\"1280\" class=\"wp-image-7103\" src=\"https:\/\/www.sob-saalfelden.at\/wp-content\/uploads\/2025\/05\/ai-generated-9009376_1280.jpg\" alt=\"https:\/\/pixabay.com\/de\/illustrations\/ai-generiert-rollstuhl-basketball-9009376\/\" srcset=\"https:\/\/www.sob-saalfelden.at\/wp-content\/uploads\/2025\/05\/ai-generated-9009376_1280.jpg 1280w, https:\/\/www.sob-saalfelden.at\/wp-content\/uploads\/2025\/05\/ai-generated-9009376_1280-300x300.jpg 300w, https:\/\/www.sob-saalfelden.at\/wp-content\/uploads\/2025\/05\/ai-generated-9009376_1280-1024x1024.jpg 1024w, https:\/\/www.sob-saalfelden.at\/wp-content\/uploads\/2025\/05\/ai-generated-9009376_1280-150x150.jpg 150w, https:\/\/www.sob-saalfelden.at\/wp-content\/uploads\/2025\/05\/ai-generated-9009376_1280-768x768.jpg 768w\" sizes=\"(max-width: 1280px) 100vw, 1280px\" \/><\/div>\n<\/div><\/div>\n<\/div><\/div><\/div>\n","protected":false},"excerpt":{"rendered":"<p>F\u00f6rderm\u00f6glichkeiten: Pflegestipendium Pflegestiftung Pflegeausbildungszuschuss Der T\u00e4tigkeitsbereich der Fach-Sozialbetreuerin oder des Fach-Sozialbetreuers Behindertenarbeit (BA) und Behindertenbegleitung (BB) umfasst: Umfang der Ausbildung:# 1188 Stunden Theorie inkl. Unterst\u00fctzung der Basisversorgung in der Teilzeitform# 1320 Stunden Praxis inkl. Demenzbegleitung Die Ausbildung qualifiziert Frauen und M\u00e4nner mit Behinderungen f\u00fcr unterst\u00fctzende Dienste im Feld der Sozialbetreuung. Die 2-j\u00e4hrige Ausbildung beinhaltet in [&hellip;]<\/p>\n","protected":false},"author":5,"featured_media":0,"parent":0,"menu_order":0,"comment_status":"closed","ping_status":"closed","template":"","meta":[],"yoast_head":"<!-- This site is optimized with the Yoast SEO plugin v20.11 - https:\/\/yoast.com\/wordpress\/plugins\/seo\/ -->\n<title>Behindertenbegleitung - SOB Saalfelden<\/title>\n<meta name=\"robots\" content=\"index, follow, max-snippet:-1, max-image-preview:large, max-video-preview:-1\" \/>\n<link rel=\"canonical\" href=\"https:\/\/www.sob-saalfelden.at\/?page_id=6947\" \/>\n<meta property=\"og:locale\" content=\"de_DE\" \/>\n<meta property=\"og:type\" content=\"article\" \/>\n<meta property=\"og:title\" content=\"Behindertenbegleitung - SOB Saalfelden\" \/>\n<meta property=\"og:description\" content=\"F\u00f6rderm\u00f6glichkeiten: Pflegestipendium Pflegestiftung Pflegeausbildungszuschuss Der T\u00e4tigkeitsbereich der Fach-Sozialbetreuerin oder des Fach-Sozialbetreuers Behindertenarbeit (BA) und Behindertenbegleitung (BB) umfasst: Umfang der Ausbildung:# 1188 Stunden Theorie inkl. Unterst\u00fctzung der Basisversorgung in der Teilzeitform# 1320 Stunden Praxis inkl. Demenzbegleitung Die Ausbildung qualifiziert Frauen und M\u00e4nner mit Behinderungen f\u00fcr unterst\u00fctzende Dienste im Feld der Sozialbetreuung. Die 2-j\u00e4hrige Ausbildung beinhaltet in [&hellip;]\" \/>\n<meta property=\"og:url\" content=\"https:\/\/www.sob-saalfelden.at\/?page_id=6947\" \/>\n<meta property=\"og:site_name\" content=\"SOB Saalfelden\" \/>\n<meta property=\"article:publisher\" content=\"https:\/\/www.facebook.com\/profile.php?id=100054260961375&amp;locale=de_DE\" \/>\n<meta property=\"article:modified_time\" content=\"2025-05-23T10:15:32+00:00\" \/>\n<meta property=\"og:image\" content=\"https:\/\/www.sob-saalfelden.at\/wp-content\/uploads\/2023\/04\/loren-joseph.jpg\" \/>\n<meta name=\"twitter:card\" content=\"summary_large_image\" \/>\n<meta name=\"twitter:label1\" content=\"Gesch\u00e4tzte Lesezeit\" \/>\n\t<meta name=\"twitter:data1\" content=\"2 Minuten\" \/>\n<script type=\"application\/ld+json\" class=\"yoast-schema-graph\">{\"@context\":\"https:\/\/schema.org\",\"@graph\":[{\"@type\":\"WebPage\",\"@id\":\"https:\/\/www.sob-saalfelden.at\/?page_id=6947\",\"url\":\"https:\/\/www.sob-saalfelden.at\/?page_id=6947\",\"name\":\"Behindertenbegleitung - SOB Saalfelden\",\"isPartOf\":{\"@id\":\"https:\/\/www.sob-saalfelden.at\/#website\"},\"datePublished\":\"2025-05-14T10:57:22+00:00\",\"dateModified\":\"2025-05-23T10:15:32+00:00\",\"breadcrumb\":{\"@id\":\"https:\/\/www.sob-saalfelden.at\/?page_id=6947#breadcrumb\"},\"inLanguage\":\"de-AT\",\"potentialAction\":[{\"@type\":\"ReadAction\",\"target\":[\"https:\/\/www.sob-saalfelden.at\/?page_id=6947\"]}]},{\"@type\":\"BreadcrumbList\",\"@id\":\"https:\/\/www.sob-saalfelden.at\/?page_id=6947#breadcrumb\",\"itemListElement\":[{\"@type\":\"ListItem\",\"position\":1,\"name\":\"Home\",\"item\":\"https:\/\/www.sob-saalfelden.at\/\"},{\"@type\":\"ListItem\",\"position\":2,\"name\":\"Behindertenbegleitung\"}]},{\"@type\":\"WebSite\",\"@id\":\"https:\/\/www.sob-saalfelden.at\/#website\",\"url\":\"https:\/\/www.sob-saalfelden.at\/\",\"name\":\"SOB Saalfelden\",\"description\":\"Schule f\u00fcr Sozialbetreuungsberufe\/Altenarbeit\",\"publisher\":{\"@id\":\"https:\/\/www.sob-saalfelden.at\/#organization\"},\"alternateName\":\"Schule f\u00fcr Sozialbetreuungsberufe\/Altenarbeit\",\"potentialAction\":[{\"@type\":\"SearchAction\",\"target\":{\"@type\":\"EntryPoint\",\"urlTemplate\":\"https:\/\/www.sob-saalfelden.at\/?s={search_term_string}\"},\"query-input\":\"required name=search_term_string\"}],\"inLanguage\":\"de-AT\"},{\"@type\":\"Organization\",\"@id\":\"https:\/\/www.sob-saalfelden.at\/#organization\",\"name\":\"SOB Saalfelden\",\"alternateName\":\"Schule f\u00fcr Sozialbetreuungsberufe\/Altenarbeit\",\"url\":\"https:\/\/www.sob-saalfelden.at\/\",\"logo\":{\"@type\":\"ImageObject\",\"inLanguage\":\"de-AT\",\"@id\":\"https:\/\/www.sob-saalfelden.at\/#\/schema\/logo\/image\/\",\"url\":\"https:\/\/www.sob-saalfelden.at\/wp-content\/uploads\/2023\/03\/sob-icon.png\",\"contentUrl\":\"https:\/\/www.sob-saalfelden.at\/wp-content\/uploads\/2023\/03\/sob-icon.png\",\"width\":99,\"height\":101,\"caption\":\"SOB Saalfelden\"},\"image\":{\"@id\":\"https:\/\/www.sob-saalfelden.at\/#\/schema\/logo\/image\/\"},\"sameAs\":[\"https:\/\/www.facebook.com\/profile.php?id=100054260961375&locale=de_DE\",\"https:\/\/www.instagram.com\/sob.saalfelden\/\"]}]}<\/script>\n<!-- \/ Yoast SEO plugin. -->","yoast_head_json":{"title":"Behindertenbegleitung - SOB Saalfelden","robots":{"index":"index","follow":"follow","max-snippet":"max-snippet:-1","max-image-preview":"max-image-preview:large","max-video-preview":"max-video-preview:-1"},"canonical":"https:\/\/www.sob-saalfelden.at\/?page_id=6947","og_locale":"de_DE","og_type":"article","og_title":"Behindertenbegleitung - SOB Saalfelden","og_description":"F\u00f6rderm\u00f6glichkeiten: Pflegestipendium Pflegestiftung Pflegeausbildungszuschuss Der T\u00e4tigkeitsbereich der Fach-Sozialbetreuerin oder des Fach-Sozialbetreuers Behindertenarbeit (BA) und Behindertenbegleitung (BB) umfasst: Umfang der Ausbildung:# 1188 Stunden Theorie inkl. Unterst\u00fctzung der Basisversorgung in der Teilzeitform# 1320 Stunden Praxis inkl. Demenzbegleitung Die Ausbildung qualifiziert Frauen und M\u00e4nner mit Behinderungen f\u00fcr unterst\u00fctzende Dienste im Feld der Sozialbetreuung. Die 2-j\u00e4hrige Ausbildung beinhaltet in [&hellip;]","og_url":"https:\/\/www.sob-saalfelden.at\/?page_id=6947","og_site_name":"SOB Saalfelden","article_publisher":"https:\/\/www.facebook.com\/profile.php?id=100054260961375&locale=de_DE","article_modified_time":"2025-05-23T10:15:32+00:00","og_image":[{"url":"https:\/\/www.sob-saalfelden.at\/wp-content\/uploads\/2023\/04\/loren-joseph.jpg"}],"twitter_card":"summary_large_image","twitter_misc":{"Gesch\u00e4tzte Lesezeit":"2 Minuten"},"schema":{"@context":"https:\/\/schema.org","@graph":[{"@type":"WebPage","@id":"https:\/\/www.sob-saalfelden.at\/?page_id=6947","url":"https:\/\/www.sob-saalfelden.at\/?page_id=6947","name":"Behindertenbegleitung - SOB Saalfelden","isPartOf":{"@id":"https:\/\/www.sob-saalfelden.at\/#website"},"datePublished":"2025-05-14T10:57:22+00:00","dateModified":"2025-05-23T10:15:32+00:00","breadcrumb":{"@id":"https:\/\/www.sob-saalfelden.at\/?page_id=6947#breadcrumb"},"inLanguage":"de-AT","potentialAction":[{"@type":"ReadAction","target":["https:\/\/www.sob-saalfelden.at\/?page_id=6947"]}]},{"@type":"BreadcrumbList","@id":"https:\/\/www.sob-saalfelden.at\/?page_id=6947#breadcrumb","itemListElement":[{"@type":"ListItem","position":1,"name":"Home","item":"https:\/\/www.sob-saalfelden.at\/"},{"@type":"ListItem","position":2,"name":"Behindertenbegleitung"}]},{"@type":"WebSite","@id":"https:\/\/www.sob-saalfelden.at\/#website","url":"https:\/\/www.sob-saalfelden.at\/","name":"SOB Saalfelden","description":"Schule f\u00fcr Sozialbetreuungsberufe\/Altenarbeit","publisher":{"@id":"https:\/\/www.sob-saalfelden.at\/#organization"},"alternateName":"Schule f\u00fcr Sozialbetreuungsberufe\/Altenarbeit","potentialAction":[{"@type":"SearchAction","target":{"@type":"EntryPoint","urlTemplate":"https:\/\/www.sob-saalfelden.at\/?s={search_term_string}"},"query-input":"required name=search_term_string"}],"inLanguage":"de-AT"},{"@type":"Organization","@id":"https:\/\/www.sob-saalfelden.at\/#organization","name":"SOB Saalfelden","alternateName":"Schule f\u00fcr Sozialbetreuungsberufe\/Altenarbeit","url":"https:\/\/www.sob-saalfelden.at\/","logo":{"@type":"ImageObject","inLanguage":"de-AT","@id":"https:\/\/www.sob-saalfelden.at\/#\/schema\/logo\/image\/","url":"https:\/\/www.sob-saalfelden.at\/wp-content\/uploads\/2023\/03\/sob-icon.png","contentUrl":"https:\/\/www.sob-saalfelden.at\/wp-content\/uploads\/2023\/03\/sob-icon.png","width":99,"height":101,"caption":"SOB Saalfelden"},"image":{"@id":"https:\/\/www.sob-saalfelden.at\/#\/schema\/logo\/image\/"},"sameAs":["https:\/\/www.facebook.com\/profile.php?id=100054260961375&locale=de_DE","https:\/\/www.instagram.com\/sob.saalfelden\/"]}]}},"_links":{"self":[{"href":"https:\/\/www.sob-saalfelden.at\/index.php?rest_route=\/wp\/v2\/pages\/6947"}],"collection":[{"href":"https:\/\/www.sob-saalfelden.at\/index.php?rest_route=\/wp\/v2\/pages"}],"about":[{"href":"https:\/\/www.sob-saalfelden.at\/index.php?rest_route=\/wp\/v2\/types\/page"}],"author":[{"embeddable":true,"href":"https:\/\/www.sob-saalfelden.at\/index.php?rest_route=\/wp\/v2\/users\/5"}],"replies":[{"embeddable":true,"href":"https:\/\/www.sob-saalfelden.at\/index.php?rest_route=%2Fwp%2Fv2%2Fcomments&post=6947"}],"version-history":[{"count":7,"href":"https:\/\/www.sob-saalfelden.at\/index.php?rest_route=\/wp\/v2\/pages\/6947\/revisions"}],"predecessor-version":[{"id":7347,"href":"https:\/\/www.sob-saalfelden.at\/index.php?rest_route=\/wp\/v2\/pages\/6947\/revisions\/7347"}],"wp:attachment":[{"href":"https:\/\/www.sob-saalfelden.at\/index.php?rest_route=%2Fwp%2Fv2%2Fmedia&parent=6947"}],"curies":[{"name":"wp","href":"https:\/\/api.w.org\/{rel}","templated":true}]}}